{"id":141,"date":"2021-10-20T09:10:01","date_gmt":"2021-10-20T08:10:01","guid":{"rendered":"https:\/\/salonsendy.cz\/?page_id=141"},"modified":"2024-09-22T10:37:56","modified_gmt":"2024-09-22T09:37:56","slug":"kontakt","status":"publish","type":"page","link":"http:\/\/salonsendy.cz\/index.php\/kontakt\/","title":{"rendered":"Kontakt"},"content":{"rendered":"\t\t<div data-elementor-type=\"wp-page\" data-elementor-id=\"141\" class=\"elementor elementor-141\">\n\t\t\t\t\t\t<section class=\"elementor-section elementor-top-section elementor-element elementor-element-7a8bf641 elementor-section-boxed elementor-section-height-default elementor-section-height-default\" data-id=\"7a8bf641\" data-element_type=\"section\" data-e-type=\"section\">\n\t\t\t\t\t\t<div class=\"elementor-container elementor-column-gap-default\">\n\t\t\t\t\t<div class=\"elementor-column elementor-col-100 elementor-top-column elementor-element elementor-element-139a301e\" data-id=\"139a301e\" data-element_type=\"column\" data-e-type=\"column\">\n\t\t\t<div class=\"elementor-widget-wrap elementor-element-populated\">\n\t\t\t\t\t\t<div class=\"elementor-element elementor-element-88b3094 elementor-widget elementor-widget-text-editor\" data-id=\"88b3094\" data-element_type=\"widget\" data-e-type=\"widget\" data-widget_type=\"text-editor.default\">\n\t\t\t\t<div class=\"elementor-widget-container\">\n\t\t\t\t\t\t\t\t\t<p><\/p>\n<p class=\"has-text-align-left has-vivid-red-color has-text-color has-link-color has-medium-font-size wp-elements-f91e6477ea51af8f504327823d213e0e\">Od 1.10.2024 budeme s\u00eddlit na adrese ul. Eli\u0161ky P\u0159emyslovny naproti pam\u00e1tn\u00edku Jana Husa.<br \/>Nad domem \u010d\u00edslo 408.<\/p>\n<p><\/p>\n<p><\/p>\n<figure class=\"wp-block-gallery has-nested-images columns-1 is-cropped wp-block-gallery-2 is-layout-flex wp-block-gallery-is-layout-flex\">\n<p>\u00a0<\/p>\n<figure class=\"wp-block-image size-full\"><img fetchpriority=\"high\" decoding=\"async\" width=\"859\" height=\"531\" data-id=\"4958\" class=\"wp-image-4958\" src=\"https:\/\/salonsendy.cz\/wp-content\/uploads\/2024\/08\/mapka2024.png\" alt=\"\" srcset=\"http:\/\/salonsendy.cz\/wp-content\/uploads\/2024\/08\/mapka2024.png 859w, http:\/\/salonsendy.cz\/wp-content\/uploads\/2024\/08\/mapka2024-300x185.png 300w, http:\/\/salonsendy.cz\/wp-content\/uploads\/2024\/08\/mapka2024-768x475.png 768w\" sizes=\"(max-width: 859px) 100vw, 859px\" \/><\/figure>\n<p><\/p>\n<p><\/p>\n<figure class=\"wp-block-image size-full is-style-default\"><img decoding=\"async\" width=\"1737\" height=\"1508\" data-id=\"4961\" class=\"wp-image-4961\" src=\"https:\/\/salonsendy.cz\/wp-content\/uploads\/2024\/09\/SalonSendyZbraslav.jpg\" alt=\"\" srcset=\"http:\/\/salonsendy.cz\/wp-content\/uploads\/2024\/09\/SalonSendyZbraslav.jpg 1737w, http:\/\/salonsendy.cz\/wp-content\/uploads\/2024\/09\/SalonSendyZbraslav-300x260.jpg 300w, http:\/\/salonsendy.cz\/wp-content\/uploads\/2024\/09\/SalonSendyZbraslav-1024x889.jpg 1024w, http:\/\/salonsendy.cz\/wp-content\/uploads\/2024\/09\/SalonSendyZbraslav-768x667.jpg 768w, http:\/\/salonsendy.cz\/wp-content\/uploads\/2024\/09\/SalonSendyZbraslav-1536x1333.jpg 1536w\" sizes=\"(max-width: 1737px) 100vw, 1737px\" \/><\/figure>\n<p><\/p>\n<\/figure>\n<p><\/p>\n<p><\/p>\n<h2 id=\"provozni-doba-pondeli-patekdle-telefonickych-objednavek\" class=\"wp-block-heading\">Provozn\u00ed doba:<br \/>pond\u011bl\u00ed &#8211; p\u00e1tek<br \/>dle telefonick\u00fdch objedn\u00e1vek<\/h2>\n<p><\/p>\n<p><\/p>\n<div class=\"wp-block-columns is-layout-flex wp-container-core-columns-is-layout-9d6595d7 wp-block-columns-is-layout-flex\"><br class=\"is-layout-flow wp-block-column-is-layout-flow\" \/><br class=\"is-layout-flow wp-block-group-is-layout-flow\" \/>\n<p>\u00a0<\/p>\n<figure>\n<table>\n<tbody>\n<tr>\n<td><em>Provozovatel:<\/em><br \/><br \/><em>St\u0159iha\u010dka\u00a0<\/em><br \/>Silvie (Hosnedlov\u00e1) Syrov\u00e1tkov\u00e1<br \/>tel: +420 602 182 535<br \/>E-mail: silviesyrovatka@seznam.cz<\/td>\n<td><em>Adresa:<\/em><br \/><br \/><em>SALON SENDY<\/em><br \/>ul.Eli\u0161ky P\u0159emyslovny (nad domem \u010d\u00edslo 408)<br \/>Praha 5 &#8211; Zbraslav<br \/>I\u010c: 76 55 87 46<\/td>\n<\/tr>\n<\/tbody>\n<\/table>\n<\/figure>\n<p><br \/><br \/><\/p>\n<\/div>\n<p><\/p>\t\t\t\t\t\t\t\t<\/div>\n\t\t\t\t<\/div>\n\t\t\t\t\t<\/div>\n\t\t<\/div>\n\t\t\t\t\t<\/div>\n\t\t<\/section>\n\t\t\t\t<\/div>\n\t\t","protected":false},"excerpt":{"rendered":"<p>Od 1.10.2024 budeme s\u00eddlit na adrese ul. Eli\u0161ky P\u0159emyslovny naproti pam\u00e1tn\u00edku Jana Husa.Nad domem \u010d\u00edslo 408. Provozn\u00ed doba:pond\u011bl\u00ed &#8211; p\u00e1tekdle telefonick\u00fdch objedn\u00e1vek \u00a0 Provozovatel: St\u0159iha\u010dka\u00a0Silvie (Hosnedlov\u00e1) Syrov\u00e1tkov\u00e1tel: +420 602 182 535E-mail: silviesyrovatka@seznam.cz Adresa: SALON SENDYul.Eli\u0161ky P\u0159emyslovny (nad domem \u010d\u00edslo 408)Praha 5 &#8211; ZbraslavI\u010c: 76 55 87 46<\/p>\n","protected":false},"author":1,"featured_media":0,"parent":0,"menu_order":0,"comment_status":"closed","ping_status":"closed","template":"","meta":{"footnotes":""},"class_list":["post-141","page","type-page","status-publish","hentry"],"_links":{"self":[{"href":"http:\/\/salonsendy.cz\/index.php\/wp-json\/wp\/v2\/pages\/141","targetHints":{"allow":["GET"]}}],"collection":[{"href":"http:\/\/salonsendy.cz\/index.php\/wp-json\/wp\/v2\/pages"}],"about":[{"href":"http:\/\/salonsendy.cz\/index.php\/wp-json\/wp\/v2\/types\/page"}],"author":[{"embeddable":true,"href":"http:\/\/salonsendy.cz\/index.php\/wp-json\/wp\/v2\/users\/1"}],"replies":[{"embeddable":true,"href":"http:\/\/salonsendy.cz\/index.php\/wp-json\/wp\/v2\/comments?post=141"}],"version-history":[{"count":32,"href":"http:\/\/salonsendy.cz\/index.php\/wp-json\/wp\/v2\/pages\/141\/revisions"}],"predecessor-version":[{"id":4970,"href":"http:\/\/salonsendy.cz\/index.php\/wp-json\/wp\/v2\/pages\/141\/revisions\/4970"}],"wp:attachment":[{"href":"http:\/\/salonsendy.cz\/index.php\/wp-json\/wp\/v2\/media?parent=141"}],"curies":[{"name":"wp","href":"https:\/\/api.w.org\/{rel}","templated":true}]}}